{"id":18,"date":"2026-03-23T11:50:59","date_gmt":"2026-03-23T14:50:59","guid":{"rendered":"https:\/\/conferenciasaude.ufsm.br\/index.php\/galerias\/"},"modified":"2026-06-11T20:32:31","modified_gmt":"2026-06-11T23:32:31","slug":"galerias","status":"publish","type":"page","link":"https:\/\/conferenciasaude.ufsm.br\/index.php\/galerias\/","title":{"rendered":"Galerias"},"content":{"rendered":"\t\t<div data-elementor-type=\"wp-page\" data-elementor-id=\"18\" class=\"elementor elementor-18\">\n\t\t\t\t<div class=\"elementor-element elementor-element-9959e86 e-con-full e-flex e-con e-parent\" data-id=\"9959e86\" data-element_type=\"container\" data-e-type=\"container\" data-settings=\"{&quot;background_background&quot;:&quot;classic&quot;}\">\n\t\t<div class=\"elementor-element elementor-element-b7e9c06 e-con-full e-flex e-con e-child\" data-id=\"b7e9c06\" data-element_type=\"container\" data-e-type=\"container\">\n\t\t\t\t<div class=\"elementor-element elementor-element-b36bf93 elementor-widget elementor-widget-heading\" data-id=\"b36bf93\" data-element_type=\"widget\" data-e-type=\"widget\" data-widget_type=\"heading.default\">\n\t\t\t\t\t<h2 class=\"elementor-heading-title elementor-size-default\">Explore nossas Galerias<\/h2>\t\t\t\t<\/div>\n\t\t\t\t<div class=\"elementor-element elementor-element-7cfe86f elementor-widget elementor-widget-text-editor\" data-id=\"7cfe86f\" data-element_type=\"widget\" data-e-type=\"widget\" data-widget_type=\"text-editor.default\">\n\t\t\t\t\t\t\t\t\t<p>Descubra a rica diversidade das nossas atividades atrav\u00e9s de nossas galerias. Aqui, voc\u00ea encontrar\u00e1 imagens capturando momentos significativos dos eventos que promovemos, tudo isso com o intuito de fortalecer nossa comunidade e compartilhar experi\u00eancias transformadoras.<\/p>\t\t\t\t\t\t\t\t<\/div>\n\t\t\t\t<\/div>\n\t\t\t\t<\/div>\n\t\t<div class=\"elementor-element elementor-element-29de699 e-flex e-con-boxed e-con e-parent\" data-id=\"29de699\" data-element_type=\"container\" data-e-type=\"container\">\n\t\t\t\t\t<div class=\"e-con-inner\">\n\t\t<div class=\"elementor-element elementor-element-0367a2a e-flex e-con-boxed e-con e-child\" data-id=\"0367a2a\" data-element_type=\"container\" data-e-type=\"container\">\n\t\t\t\t\t<div class=\"e-con-inner\">\n\t\t<div class=\"elementor-element elementor-element-4cbf8dd e-con-full e-flex e-con e-child\" data-id=\"4cbf8dd\" data-element_type=\"container\" data-e-type=\"container\">\n\t\t\t\t<div class=\"elementor-element elementor-element-65134a8 elementor-widget elementor-widget-heading\" data-id=\"65134a8\" data-element_type=\"widget\" data-e-type=\"widget\" data-widget_type=\"heading.default\">\n\t\t\t\t\t<h2 class=\"elementor-heading-title elementor-size-default\">Reuni\u00e3o ampliada do PET-I&amp;SD da UFSM tratando sobre a confer\u00eancia<\/h2>\t\t\t\t<\/div>\n\t\t\t\t<div class=\"elementor-element elementor-element-a7a5e43 elementor-widget elementor-widget-image\" data-id=\"a7a5e43\" data-element_type=\"widget\" data-e-type=\"widget\" data-widget_type=\"image.default\">\n\t\t\t\t\t\t\t\t\t\t\t\t\t\t\t<img fetchpriority=\"high\" decoding=\"async\" width=\"768\" height=\"1024\" src=\"https:\/\/conferenciasaude.ufsm.br\/wp-content\/uploads\/2026\/05\/WhatsApp-Image-2026-05-22-at-23.09.27-768x1024.jpeg\" class=\"attachment-large size-large wp-image-530\" alt=\"\" srcset=\"https:\/\/conferenciasaude.ufsm.br\/wp-content\/uploads\/2026\/05\/WhatsApp-Image-2026-05-22-at-23.09.27-768x1024.jpeg 768w, https:\/\/conferenciasaude.ufsm.br\/wp-content\/uploads\/2026\/05\/WhatsApp-Image-2026-05-22-at-23.09.27-225x300.jpeg 225w, https:\/\/conferenciasaude.ufsm.br\/wp-content\/uploads\/2026\/05\/WhatsApp-Image-2026-05-22-at-23.09.27.jpeg 960w\" sizes=\"(max-width: 768px) 100vw, 768px\" \/>\t\t\t\t\t\t\t\t\t\t\t\t\t\t\t<\/div>\n\t\t\t\t<div class=\"elementor-element elementor-element-ee75930 elementor-widget elementor-widget-image\" data-id=\"ee75930\" data-element_type=\"widget\" data-e-type=\"widget\" data-widget_type=\"image.default\">\n\t\t\t\t\t\t\t\t\t\t\t\t\t\t\t<img decoding=\"async\" width=\"768\" height=\"1024\" src=\"https:\/\/conferenciasaude.ufsm.br\/wp-content\/uploads\/2026\/05\/IMG_1336-768x1024.jpg\" class=\"attachment-large size-large wp-image-534\" alt=\"\" srcset=\"https:\/\/conferenciasaude.ufsm.br\/wp-content\/uploads\/2026\/05\/IMG_1336-768x1024.jpg 768w, https:\/\/conferenciasaude.ufsm.br\/wp-content\/uploads\/2026\/05\/IMG_1336-225x300.jpg 225w, https:\/\/conferenciasaude.ufsm.br\/wp-content\/uploads\/2026\/05\/IMG_1336-1152x1536.jpg 1152w, https:\/\/conferenciasaude.ufsm.br\/wp-content\/uploads\/2026\/05\/IMG_1336-1536x2048.jpg 1536w, https:\/\/conferenciasaude.ufsm.br\/wp-content\/uploads\/2026\/05\/IMG_1336-scaled.jpg 1920w\" sizes=\"(max-width: 768px) 100vw, 768px\" \/>\t\t\t\t\t\t\t\t\t\t\t\t\t\t\t<\/div>\n\t\t\t\t<\/div>\n\t\t<div class=\"elementor-element elementor-element-5eec20e e-con-full e-flex e-con e-child\" data-id=\"5eec20e\" data-element_type=\"container\" data-e-type=\"container\">\n\t\t\t\t<div class=\"elementor-element elementor-element-644ff4e elementor-widget elementor-widget-image\" data-id=\"644ff4e\" data-element_type=\"widget\" data-e-type=\"widget\" data-widget_type=\"image.default\">\n\t\t\t\t\t\t\t\t\t\t\t\t\t\t\t<img decoding=\"async\" width=\"768\" height=\"1024\" src=\"https:\/\/conferenciasaude.ufsm.br\/wp-content\/uploads\/2026\/05\/IMG_1376-768x1024.jpg\" class=\"attachment-large size-large wp-image-531\" alt=\"\" srcset=\"https:\/\/conferenciasaude.ufsm.br\/wp-content\/uploads\/2026\/05\/IMG_1376-768x1024.jpg 768w, https:\/\/conferenciasaude.ufsm.br\/wp-content\/uploads\/2026\/05\/IMG_1376-225x300.jpg 225w, https:\/\/conferenciasaude.ufsm.br\/wp-content\/uploads\/2026\/05\/IMG_1376-1152x1536.jpg 1152w, https:\/\/conferenciasaude.ufsm.br\/wp-content\/uploads\/2026\/05\/IMG_1376-1536x2048.jpg 1536w, https:\/\/conferenciasaude.ufsm.br\/wp-content\/uploads\/2026\/05\/IMG_1376-scaled.jpg 1920w\" sizes=\"(max-width: 768px) 100vw, 768px\" \/>\t\t\t\t\t\t\t\t\t\t\t\t\t\t\t<\/div>\n\t\t\t\t<div class=\"elementor-element elementor-element-39fabdd elementor-widget elementor-widget-image\" data-id=\"39fabdd\" data-element_type=\"widget\" data-e-type=\"widget\" data-widget_type=\"image.default\">\n\t\t\t\t\t\t\t\t\t\t\t\t\t\t\t<img loading=\"lazy\" decoding=\"async\" width=\"768\" height=\"1024\" src=\"https:\/\/conferenciasaude.ufsm.br\/wp-content\/uploads\/2026\/05\/IMG_1419-768x1024.jpg\" class=\"attachment-large size-large wp-image-538\" alt=\"\" srcset=\"https:\/\/conferenciasaude.ufsm.br\/wp-content\/uploads\/2026\/05\/IMG_1419-768x1024.jpg 768w, https:\/\/conferenciasaude.ufsm.br\/wp-content\/uploads\/2026\/05\/IMG_1419-225x300.jpg 225w, https:\/\/conferenciasaude.ufsm.br\/wp-content\/uploads\/2026\/05\/IMG_1419-1152x1536.jpg 1152w, https:\/\/conferenciasaude.ufsm.br\/wp-content\/uploads\/2026\/05\/IMG_1419-1536x2048.jpg 1536w, https:\/\/conferenciasaude.ufsm.br\/wp-content\/uploads\/2026\/05\/IMG_1419-scaled.jpg 1920w\" sizes=\"(max-width: 768px) 100vw, 768px\" \/>\t\t\t\t\t\t\t\t\t\t\t\t\t\t\t<\/div>\n\t\t\t\t<\/div>\n\t\t<div class=\"elementor-element elementor-element-57c3575 e-con-full e-flex e-con e-child\" data-id=\"57c3575\" data-element_type=\"container\" data-e-type=\"container\">\n\t\t\t\t<div class=\"elementor-element elementor-element-278794c elementor-widget elementor-widget-image\" data-id=\"278794c\" data-element_type=\"widget\" data-e-type=\"widget\" data-widget_type=\"image.default\">\n\t\t\t\t\t\t\t\t\t\t\t\t\t\t\t<img loading=\"lazy\" decoding=\"async\" width=\"800\" height=\"600\" src=\"https:\/\/conferenciasaude.ufsm.br\/wp-content\/uploads\/2026\/05\/IMG_1364-1024x768.jpg\" class=\"attachment-large size-large wp-image-533\" alt=\"\" srcset=\"https:\/\/conferenciasaude.ufsm.br\/wp-content\/uploads\/2026\/05\/IMG_1364-1024x768.jpg 1024w, https:\/\/conferenciasaude.ufsm.br\/wp-content\/uploads\/2026\/05\/IMG_1364-300x225.jpg 300w, https:\/\/conferenciasaude.ufsm.br\/wp-content\/uploads\/2026\/05\/IMG_1364-768x576.jpg 768w, https:\/\/conferenciasaude.ufsm.br\/wp-content\/uploads\/2026\/05\/IMG_1364-1536x1152.jpg 1536w, https:\/\/conferenciasaude.ufsm.br\/wp-content\/uploads\/2026\/05\/IMG_1364-2048x1536.jpg 2048w\" sizes=\"(max-width: 800px) 100vw, 800px\" \/>\t\t\t\t\t\t\t\t\t\t\t\t\t\t\t<\/div>\n\t\t\t\t<div class=\"elementor-element elementor-element-684dfc3 elementor-widget elementor-widget-image\" data-id=\"684dfc3\" data-element_type=\"widget\" data-e-type=\"widget\" data-widget_type=\"image.default\">\n\t\t\t\t\t\t\t\t\t\t\t\t\t\t\t<img loading=\"lazy\" decoding=\"async\" width=\"768\" height=\"1024\" src=\"https:\/\/conferenciasaude.ufsm.br\/wp-content\/uploads\/2026\/05\/IMG_1363-768x1024.jpg\" class=\"attachment-large size-large wp-image-539\" alt=\"\" srcset=\"https:\/\/conferenciasaude.ufsm.br\/wp-content\/uploads\/2026\/05\/IMG_1363-768x1024.jpg 768w, https:\/\/conferenciasaude.ufsm.br\/wp-content\/uploads\/2026\/05\/IMG_1363-225x300.jpg 225w, https:\/\/conferenciasaude.ufsm.br\/wp-content\/uploads\/2026\/05\/IMG_1363-1152x1536.jpg 1152w, https:\/\/conferenciasaude.ufsm.br\/wp-content\/uploads\/2026\/05\/IMG_1363-1536x2048.jpg 1536w, https:\/\/conferenciasaude.ufsm.br\/wp-content\/uploads\/2026\/05\/IMG_1363-scaled.jpg 1920w\" sizes=\"(max-width: 768px) 100vw, 768px\" \/>\t\t\t\t\t\t\t\t\t\t\t\t\t\t\t<\/div>\n\t\t\t\t<\/div>\n\t\t\t\t\t<\/div>\n\t\t\t\t<\/div>\n\t\t\t\t\t<\/div>\n\t\t\t\t<\/div>\n\t\t\t\t<div class=\"elementor-element elementor-element-fe1f54d e-con e-atomic-element e-flexbox-base\" data-id=\"fe1f54d\" data-element_type=\"e-flexbox\" data-e-type=\"e-flexbox\">\n\t\t\t\t\t\t\t<h2 \n\t\tdata-interaction-id=\"6fe0d0e\" \n\t\tclass=\"e-heading-base\" \n\t\t \n\t\t\n\t\t\t>\n\t\n\t\t\tPr\u00e9-Confer\u00eancias de Sa\u00fade 2026\n\t\t<\/h2>\n\t\t\t\t<\/div>\n\t\t<div class=\"elementor-element elementor-element-0ce63e9 e-grid e-con-boxed e-con e-parent\" data-id=\"0ce63e9\" data-element_type=\"container\" data-e-type=\"container\">\n\t\t\t\t\t<div class=\"e-con-inner\">\n\t\t\t\t<div class=\"elementor-element elementor-element-e059b4c elementor-position-top elementor-widget elementor-widget-image-box\" data-id=\"e059b4c\" data-element_type=\"widget\" data-e-type=\"widget\" data-widget_type=\"image-box.default\">\n\t\t\t\t\t<div class=\"elementor-image-box-wrapper\"><figure class=\"elementor-image-box-img\"><img loading=\"lazy\" decoding=\"async\" width=\"738\" height=\"630\" src=\"https:\/\/conferenciasaude.ufsm.br\/wp-content\/uploads\/2026\/06\/WhatsApp-Image-2026-06-10-at-17.18.26-delegaciasm-sindiserfsm.jpeg\" class=\"attachment-full size-full wp-image-584\" alt=\"\" srcset=\"https:\/\/conferenciasaude.ufsm.br\/wp-content\/uploads\/2026\/06\/WhatsApp-Image-2026-06-10-at-17.18.26-delegaciasm-sindiserfsm.jpeg 738w, https:\/\/conferenciasaude.ufsm.br\/wp-content\/uploads\/2026\/06\/WhatsApp-Image-2026-06-10-at-17.18.26-delegaciasm-sindiserfsm-300x256.jpeg 300w\" sizes=\"(max-width: 738px) 100vw, 738px\" \/><\/figure><div class=\"elementor-image-box-content\"><p class=\"elementor-image-box-description\">Pr\u00e9-Confer\u00eancia do Sindicato dos Servidores Federais - RS (Sindiserf\/RS)<\/p><\/div><\/div>\t\t\t\t<\/div>\n\t\t\t\t<div class=\"elementor-element elementor-element-d4d65d1 elementor-position-top elementor-widget elementor-widget-image-box\" data-id=\"d4d65d1\" data-element_type=\"widget\" data-e-type=\"widget\" data-widget_type=\"image-box.default\">\n\t\t\t\t\t<div class=\"elementor-image-box-wrapper\"><figure class=\"elementor-image-box-img\"><img loading=\"lazy\" decoding=\"async\" width=\"1280\" height=\"1104\" src=\"https:\/\/conferenciasaude.ufsm.br\/wp-content\/uploads\/2026\/06\/pre-vila-oliveira-CMS-SANTA-MARIA.jpeg\" class=\"attachment-full size-full wp-image-563\" alt=\"\" srcset=\"https:\/\/conferenciasaude.ufsm.br\/wp-content\/uploads\/2026\/06\/pre-vila-oliveira-CMS-SANTA-MARIA.jpeg 1280w, https:\/\/conferenciasaude.ufsm.br\/wp-content\/uploads\/2026\/06\/pre-vila-oliveira-CMS-SANTA-MARIA-300x259.jpeg 300w, https:\/\/conferenciasaude.ufsm.br\/wp-content\/uploads\/2026\/06\/pre-vila-oliveira-CMS-SANTA-MARIA-1024x883.jpeg 1024w, https:\/\/conferenciasaude.ufsm.br\/wp-content\/uploads\/2026\/06\/pre-vila-oliveira-CMS-SANTA-MARIA-768x662.jpeg 768w\" sizes=\"(max-width: 1280px) 100vw, 1280px\" \/><\/figure><div class=\"elementor-image-box-content\"><p class=\"elementor-image-box-description\">Pr\u00e9-Confer\u00eancia da Vila Oliveira<\/p><\/div><\/div>\t\t\t\t<\/div>\n\t\t\t\t<div class=\"elementor-element elementor-element-f4dc739 elementor-position-top elementor-widget elementor-widget-image-box\" data-id=\"f4dc739\" data-element_type=\"widget\" data-e-type=\"widget\" data-widget_type=\"image-box.default\">\n\t\t\t\t\t<div class=\"elementor-image-box-wrapper\"><figure class=\"elementor-image-box-img\"><img loading=\"lazy\" decoding=\"async\" width=\"1600\" height=\"1200\" src=\"https:\/\/conferenciasaude.ufsm.br\/wp-content\/uploads\/2026\/06\/PRE-TECNICOS-MANHA-CMS-SANTA-MARIA1.jpeg\" class=\"attachment-full size-full wp-image-566\" alt=\"\" srcset=\"https:\/\/conferenciasaude.ufsm.br\/wp-content\/uploads\/2026\/06\/PRE-TECNICOS-MANHA-CMS-SANTA-MARIA1.jpeg 1600w, https:\/\/conferenciasaude.ufsm.br\/wp-content\/uploads\/2026\/06\/PRE-TECNICOS-MANHA-CMS-SANTA-MARIA1-300x225.jpeg 300w, https:\/\/conferenciasaude.ufsm.br\/wp-content\/uploads\/2026\/06\/PRE-TECNICOS-MANHA-CMS-SANTA-MARIA1-1024x768.jpeg 1024w, https:\/\/conferenciasaude.ufsm.br\/wp-content\/uploads\/2026\/06\/PRE-TECNICOS-MANHA-CMS-SANTA-MARIA1-768x576.jpeg 768w, https:\/\/conferenciasaude.ufsm.br\/wp-content\/uploads\/2026\/06\/PRE-TECNICOS-MANHA-CMS-SANTA-MARIA1-1536x1152.jpeg 1536w\" sizes=\"(max-width: 1600px) 100vw, 1600px\" \/><\/figure><div class=\"elementor-image-box-content\"><p class=\"elementor-image-box-description\">Pr\u00e9-Confer\u00eancia dos T\u00e9cnicos de Enfermagem<\/p><\/div><\/div>\t\t\t\t<\/div>\n\t\t\t\t<div class=\"elementor-element elementor-element-8cc6c1b elementor-position-top elementor-widget elementor-widget-image-box\" data-id=\"8cc6c1b\" data-element_type=\"widget\" data-e-type=\"widget\" data-widget_type=\"image-box.default\">\n\t\t\t\t\t<div class=\"elementor-image-box-wrapper\"><figure class=\"elementor-image-box-img\"><img loading=\"lazy\" decoding=\"async\" width=\"1600\" height=\"1200\" src=\"https:\/\/conferenciasaude.ufsm.br\/wp-content\/uploads\/2026\/06\/PRE-LGBTQUIAPN-CMS-SANTA-MARIA.jpeg\" class=\"attachment-full size-full wp-image-558\" alt=\"\" srcset=\"https:\/\/conferenciasaude.ufsm.br\/wp-content\/uploads\/2026\/06\/PRE-LGBTQUIAPN-CMS-SANTA-MARIA.jpeg 1600w, https:\/\/conferenciasaude.ufsm.br\/wp-content\/uploads\/2026\/06\/PRE-LGBTQUIAPN-CMS-SANTA-MARIA-300x225.jpeg 300w, https:\/\/conferenciasaude.ufsm.br\/wp-content\/uploads\/2026\/06\/PRE-LGBTQUIAPN-CMS-SANTA-MARIA-1024x768.jpeg 1024w, https:\/\/conferenciasaude.ufsm.br\/wp-content\/uploads\/2026\/06\/PRE-LGBTQUIAPN-CMS-SANTA-MARIA-768x576.jpeg 768w, https:\/\/conferenciasaude.ufsm.br\/wp-content\/uploads\/2026\/06\/PRE-LGBTQUIAPN-CMS-SANTA-MARIA-1536x1152.jpeg 1536w\" sizes=\"(max-width: 1600px) 100vw, 1600px\" \/><\/figure><div class=\"elementor-image-box-content\"><p class=\"elementor-image-box-description\">Pr\u00e9-Confer\u00eancia LGBTQUIAPN+<\/p><\/div><\/div>\t\t\t\t<\/div>\n\t\t\t\t<div class=\"elementor-element elementor-element-69ba864 elementor-position-top elementor-widget elementor-widget-image-box\" data-id=\"69ba864\" data-element_type=\"widget\" data-e-type=\"widget\" data-widget_type=\"image-box.default\">\n\t\t\t\t\t<div class=\"elementor-image-box-wrapper\"><figure class=\"elementor-image-box-img\"><img loading=\"lazy\" decoding=\"async\" width=\"1280\" height=\"960\" src=\"https:\/\/conferenciasaude.ufsm.br\/wp-content\/uploads\/2026\/06\/PRE-POPULACAO-DE-RUA-CMS-SANTA-MARIA.jpeg\" class=\"attachment-full size-full wp-image-585\" alt=\"\" srcset=\"https:\/\/conferenciasaude.ufsm.br\/wp-content\/uploads\/2026\/06\/PRE-POPULACAO-DE-RUA-CMS-SANTA-MARIA.jpeg 1280w, https:\/\/conferenciasaude.ufsm.br\/wp-content\/uploads\/2026\/06\/PRE-POPULACAO-DE-RUA-CMS-SANTA-MARIA-300x225.jpeg 300w, https:\/\/conferenciasaude.ufsm.br\/wp-content\/uploads\/2026\/06\/PRE-POPULACAO-DE-RUA-CMS-SANTA-MARIA-1024x768.jpeg 1024w, https:\/\/conferenciasaude.ufsm.br\/wp-content\/uploads\/2026\/06\/PRE-POPULACAO-DE-RUA-CMS-SANTA-MARIA-768x576.jpeg 768w\" sizes=\"(max-width: 1280px) 100vw, 1280px\" \/><\/figure><div class=\"elementor-image-box-content\"><p class=\"elementor-image-box-description\">Pr\u00e9-Confer\u00eancia da Popula\u00e7\u00e3o de Rua<\/p><\/div><\/div>\t\t\t\t<\/div>\n\t\t\t\t<div class=\"elementor-element elementor-element-cad8a5b elementor-position-top elementor-widget elementor-widget-image-box\" data-id=\"cad8a5b\" data-element_type=\"widget\" data-e-type=\"widget\" data-widget_type=\"image-box.default\">\n\t\t\t\t\t<div class=\"elementor-image-box-wrapper\"><figure class=\"elementor-image-box-img\"><img loading=\"lazy\" decoding=\"async\" width=\"1280\" height=\"960\" src=\"https:\/\/conferenciasaude.ufsm.br\/wp-content\/uploads\/2026\/06\/PRE-GAIA-CMS-SANTA-MARIA.jpeg\" class=\"attachment-full size-full wp-image-559\" alt=\"\" srcset=\"https:\/\/conferenciasaude.ufsm.br\/wp-content\/uploads\/2026\/06\/PRE-GAIA-CMS-SANTA-MARIA.jpeg 1280w, https:\/\/conferenciasaude.ufsm.br\/wp-content\/uploads\/2026\/06\/PRE-GAIA-CMS-SANTA-MARIA-300x225.jpeg 300w, https:\/\/conferenciasaude.ufsm.br\/wp-content\/uploads\/2026\/06\/PRE-GAIA-CMS-SANTA-MARIA-1024x768.jpeg 1024w, https:\/\/conferenciasaude.ufsm.br\/wp-content\/uploads\/2026\/06\/PRE-GAIA-CMS-SANTA-MARIA-768x576.jpeg 768w\" sizes=\"(max-width: 1280px) 100vw, 1280px\" \/><\/figure><div class=\"elementor-image-box-content\"><p class=\"elementor-image-box-description\">Pr\u00e9-Confer\u00eancia do Grupo de Apoio e Incentivo \u00e0 Ado\u00e7\u00e3o de Santa Maria (GAIA-SM)<\/p><\/div><\/div>\t\t\t\t<\/div>\n\t\t\t\t<div class=\"elementor-element elementor-element-01e0858 elementor-position-top elementor-widget elementor-widget-image-box\" data-id=\"01e0858\" data-element_type=\"widget\" data-e-type=\"widget\" data-widget_type=\"image-box.default\">\n\t\t\t\t\t<div class=\"elementor-image-box-wrapper\"><figure class=\"elementor-image-box-img\"><img loading=\"lazy\" decoding=\"async\" width=\"1600\" height=\"1204\" src=\"https:\/\/conferenciasaude.ufsm.br\/wp-content\/uploads\/2026\/06\/PRE-ACS-CMS-SANTA-MARIA.jpeg\" class=\"attachment-full size-full wp-image-562\" alt=\"\" srcset=\"https:\/\/conferenciasaude.ufsm.br\/wp-content\/uploads\/2026\/06\/PRE-ACS-CMS-SANTA-MARIA.jpeg 1600w, https:\/\/conferenciasaude.ufsm.br\/wp-content\/uploads\/2026\/06\/PRE-ACS-CMS-SANTA-MARIA-300x226.jpeg 300w, https:\/\/conferenciasaude.ufsm.br\/wp-content\/uploads\/2026\/06\/PRE-ACS-CMS-SANTA-MARIA-1024x771.jpeg 1024w, https:\/\/conferenciasaude.ufsm.br\/wp-content\/uploads\/2026\/06\/PRE-ACS-CMS-SANTA-MARIA-768x578.jpeg 768w, https:\/\/conferenciasaude.ufsm.br\/wp-content\/uploads\/2026\/06\/PRE-ACS-CMS-SANTA-MARIA-1536x1156.jpeg 1536w\" sizes=\"(max-width: 1600px) 100vw, 1600px\" \/><\/figure><div class=\"elementor-image-box-content\"><p class=\"elementor-image-box-description\">Pr\u00e9-Confer\u00eancia dos Agentes Comunit\u00e1rios de Sa\u00fade<\/p><\/div><\/div>\t\t\t\t<\/div>\n\t\t\t\t<div class=\"elementor-element elementor-element-1753348 elementor-position-top elementor-widget elementor-widget-image-box\" data-id=\"1753348\" data-element_type=\"widget\" data-e-type=\"widget\" data-widget_type=\"image-box.default\">\n\t\t\t\t\t<div class=\"elementor-image-box-wrapper\"><figure class=\"elementor-image-box-img\"><img loading=\"lazy\" decoding=\"async\" width=\"1600\" height=\"900\" src=\"https:\/\/conferenciasaude.ufsm.br\/wp-content\/uploads\/2026\/06\/Hospital-Casa-de-Saude-e-UPA24h-Alexandre-Carvalho.jpeg\" class=\"attachment-full size-full wp-image-567\" alt=\"\" srcset=\"https:\/\/conferenciasaude.ufsm.br\/wp-content\/uploads\/2026\/06\/Hospital-Casa-de-Saude-e-UPA24h-Alexandre-Carvalho.jpeg 1600w, https:\/\/conferenciasaude.ufsm.br\/wp-content\/uploads\/2026\/06\/Hospital-Casa-de-Saude-e-UPA24h-Alexandre-Carvalho-300x169.jpeg 300w, https:\/\/conferenciasaude.ufsm.br\/wp-content\/uploads\/2026\/06\/Hospital-Casa-de-Saude-e-UPA24h-Alexandre-Carvalho-1024x576.jpeg 1024w, https:\/\/conferenciasaude.ufsm.br\/wp-content\/uploads\/2026\/06\/Hospital-Casa-de-Saude-e-UPA24h-Alexandre-Carvalho-768x432.jpeg 768w, https:\/\/conferenciasaude.ufsm.br\/wp-content\/uploads\/2026\/06\/Hospital-Casa-de-Saude-e-UPA24h-Alexandre-Carvalho-1536x864.jpeg 1536w\" sizes=\"(max-width: 1600px) 100vw, 1600px\" \/><\/figure><div class=\"elementor-image-box-content\"><p class=\"elementor-image-box-description\">Pr\u00e9-Confer\u00eancia do Hospital Casa de Sa\u00fade<\/p><\/div><\/div>\t\t\t\t<\/div>\n\t\t\t\t<div class=\"elementor-element elementor-element-da39ada elementor-position-top elementor-widget elementor-widget-image-box\" data-id=\"da39ada\" data-element_type=\"widget\" data-e-type=\"widget\" data-widget_type=\"image-box.default\">\n\t\t\t\t\t<div class=\"elementor-image-box-wrapper\"><figure class=\"elementor-image-box-img\"><img loading=\"lazy\" decoding=\"async\" width=\"1599\" height=\"899\" src=\"https:\/\/conferenciasaude.ufsm.br\/wp-content\/uploads\/2026\/06\/WhatsApp-Image-2026-06-11-at-14.12.28.jpeg\" class=\"attachment-full size-full wp-image-600\" alt=\"\" srcset=\"https:\/\/conferenciasaude.ufsm.br\/wp-content\/uploads\/2026\/06\/WhatsApp-Image-2026-06-11-at-14.12.28.jpeg 1599w, https:\/\/conferenciasaude.ufsm.br\/wp-content\/uploads\/2026\/06\/WhatsApp-Image-2026-06-11-at-14.12.28-300x169.jpeg 300w, https:\/\/conferenciasaude.ufsm.br\/wp-content\/uploads\/2026\/06\/WhatsApp-Image-2026-06-11-at-14.12.28-1024x576.jpeg 1024w, https:\/\/conferenciasaude.ufsm.br\/wp-content\/uploads\/2026\/06\/WhatsApp-Image-2026-06-11-at-14.12.28-768x432.jpeg 768w, https:\/\/conferenciasaude.ufsm.br\/wp-content\/uploads\/2026\/06\/WhatsApp-Image-2026-06-11-at-14.12.28-1536x864.jpeg 1536w\" sizes=\"(max-width: 1599px) 100vw, 1599px\" \/><\/figure><div class=\"elementor-image-box-content\"><p class=\"elementor-image-box-description\">Pr\u00e9-Confer\u00eancia da Secret\u00e1ria Municipal de Sa\u00fade de Santa Maria<\/p><\/div><\/div>\t\t\t\t<\/div>\n\t\t\t\t\t<\/div>\n\t\t\t\t<\/div>\n\t\t<div class=\"elementor-element elementor-element-f62c83d e-grid e-con-boxed e-con e-parent\" data-id=\"f62c83d\" data-element_type=\"container\" data-e-type=\"container\">\n\t\t\t\t\t<div class=\"e-con-inner\">\n\t\t\t\t<div class=\"elementor-element elementor-element-13dc722 elementor-position-top elementor-widget elementor-widget-image-box\" data-id=\"13dc722\" data-element_type=\"widget\" data-e-type=\"widget\" data-widget_type=\"image-box.default\">\n\t\t\t\t\t<div class=\"elementor-image-box-wrapper\"><figure class=\"elementor-image-box-img\"><img loading=\"lazy\" decoding=\"async\" width=\"1977\" height=\"918\" src=\"https:\/\/conferenciasaude.ufsm.br\/wp-content\/uploads\/2026\/06\/Captura-de-tela-2026-06-10-223423.png\" class=\"attachment-full size-full wp-image-593\" alt=\"\" srcset=\"https:\/\/conferenciasaude.ufsm.br\/wp-content\/uploads\/2026\/06\/Captura-de-tela-2026-06-10-223423.png 1977w, https:\/\/conferenciasaude.ufsm.br\/wp-content\/uploads\/2026\/06\/Captura-de-tela-2026-06-10-223423-300x139.png 300w, https:\/\/conferenciasaude.ufsm.br\/wp-content\/uploads\/2026\/06\/Captura-de-tela-2026-06-10-223423-1024x475.png 1024w, https:\/\/conferenciasaude.ufsm.br\/wp-content\/uploads\/2026\/06\/Captura-de-tela-2026-06-10-223423-768x357.png 768w, https:\/\/conferenciasaude.ufsm.br\/wp-content\/uploads\/2026\/06\/Captura-de-tela-2026-06-10-223423-1536x713.png 1536w\" sizes=\"(max-width: 1977px) 100vw, 1977px\" \/><\/figure><div class=\"elementor-image-box-content\"><p class=\"elementor-image-box-description\">Pr\u00e9-Confer\u00eancia do PET-Sa\u00fade\/I&amp;SD UFSM - Grupo 10 Telessa\u00fade<\/p><\/div><\/div>\t\t\t\t<\/div>\n\t\t\t\t\t<\/div>\n\t\t\t\t<\/div>\n\t\t\t\t<\/div>\n\t\t","protected":false},"excerpt":{"rendered":"<p>Explore nossas Galerias Descubra a rica diversidade das nossas atividades atrav\u00e9s de nossas galerias. Aqui, voc\u00ea encontrar\u00e1 imagens capturando momentos significativos dos eventos que promovemos, tudo isso com o intuito de fortalecer nossa comunidade e compartilhar experi\u00eancias transformadoras. Reuni\u00e3o ampliada do PET-I&amp;SD da UFSM tratando sobre a confer\u00eancia Pr\u00e9-Confer\u00eancias de Sa\u00fade 2026 Pr\u00e9-Confer\u00eancia do Sindicato [&hellip;]<\/p>\n","protected":false},"author":1,"featured_media":0,"parent":0,"menu_order":0,"comment_status":"closed","ping_status":"closed","template":"elementor_header_footer","meta":{"footnotes":""},"class_list":["post-18","page","type-page","status-publish","hentry"],"_links":{"self":[{"href":"https:\/\/conferenciasaude.ufsm.br\/index.php\/wp-json\/wp\/v2\/pages\/18","targetHints":{"allow":["GET"]}}],"collection":[{"href":"https:\/\/conferenciasaude.ufsm.br\/index.php\/wp-json\/wp\/v2\/pages"}],"about":[{"href":"https:\/\/conferenciasaude.ufsm.br\/index.php\/wp-json\/wp\/v2\/types\/page"}],"author":[{"embeddable":true,"href":"https:\/\/conferenciasaude.ufsm.br\/index.php\/wp-json\/wp\/v2\/users\/1"}],"replies":[{"embeddable":true,"href":"https:\/\/conferenciasaude.ufsm.br\/index.php\/wp-json\/wp\/v2\/comments?post=18"}],"version-history":[{"count":34,"href":"https:\/\/conferenciasaude.ufsm.br\/index.php\/wp-json\/wp\/v2\/pages\/18\/revisions"}],"predecessor-version":[{"id":606,"href":"https:\/\/conferenciasaude.ufsm.br\/index.php\/wp-json\/wp\/v2\/pages\/18\/revisions\/606"}],"wp:attachment":[{"href":"https:\/\/conferenciasaude.ufsm.br\/index.php\/wp-json\/wp\/v2\/media?parent=18"}],"curies":[{"name":"wp","href":"https:\/\/api.w.org\/{rel}","templated":true}]}}